{"id":6734,"date":"2019-03-11T14:57:40","date_gmt":"2019-03-11T13:57:40","guid":{"rendered":"https:\/\/effienergie.ch\/foerderprogramm\/effiwatt\/abgeschlossene-effiwatt-programme\/"},"modified":"2019-04-24T15:39:05","modified_gmt":"2019-04-24T13:39:05","slug":"abgeschlossene-effiwatt-programme","status":"publish","type":"page","link":"https:\/\/effienergie.ch\/fr\/foerderprogramm\/effiwatt\/abgeschlossene-effiwatt-programme\/","title":{"rendered":"Programmes termin\u00e9s"},"content":{"rendered":"<h3>EffiWatt Canton de Lucerne 2014 &#8211; 2015<\/h3>\n<ul>\n<li>remplacement chauffe-eau \u00e9lectriques par chauffe-eau pompe \u00e0 chaleur<\/li>\n<li>remplacement pompes de circulation<\/li>\n<li>raccordement lave-linges\/lave-vaisselles \u00e0 l&rsquo;eau chaude<\/li>\n<li>remplacement de l&rsquo;\u00e9clairage dans les immeubles collectifs<\/li>\n<li>optimisation de l&rsquo;\u00e9clairage dans les b\u00e2timents non-r\u00e9sidentiels jusqu&rsquo;\u00e0 2&rsquo;000 m2<\/li>\n<\/ul>\n<p>\u00e9conomie: 20&rsquo;000 MWh\/15 ans<br \/>\natteinte des objectifs: 111%<\/p>\n<h3>EffiWatt Canton de Lucerne 2015 &#8211; 2018<\/h3>\n<ul>\n<li>remplacement chauffe-eau \u00e9lectriques par chauffe-eau pompe \u00e0 chaleur<\/li>\n<li>remplacement pompes de circulation<\/li>\n<li>raccordement lave-linges\/lave-vaisselles \u00e0 l&rsquo;eau chaude<\/li>\n<li>optimisation de l&rsquo;\u00e9clairage dans les b\u00e2timents non-r\u00e9sidentiels jusqu&rsquo;\u00e0 2&rsquo;000 m2<\/li>\n<\/ul>\n<p>\u00e9conomie: 36&rsquo;200 MWh\/15 ans<br \/>\natteinte des objectifs: 99%<\/p>\n<h3>EffiWatt Canton de Zurich\u00a0 2014 &#8211; 2015<\/h3>\n<ul>\n<li>remplacement chauffe-eau \u00e9lectriques par chauffe-eau pompe \u00e0 chaleur<\/li>\n<li>remplacement pompes de circulation<\/li>\n<\/ul>\n<p>\u00e9conomie: 35&rsquo;600 MWh\/15 ans<br \/>\natteinte des objectifs: 114%<\/p>\n<h3>EffiWatt Canton de Zurich 2016 &#8211; 2018<\/h3>\n<ul>\n<li>remplacement chauffe-eau \u00e9lectriques par chauffe-eau pompe \u00e0 chaleur<\/li>\n<li>remplacement pompes de circulation<\/li>\n<\/ul>\n<p>\u00e9conomie: 59&rsquo;400 MWh\/15 ans<br \/>\natteinte des objectifs: 87%<\/p>\n<h3>EffiWatt Canton de Zurich\u00a0 2014 &#8211; 2016<\/h3>\n<ul>\n<li>optimisation de l&rsquo;\u00e9clairage dans les b\u00e2timents non-r\u00e9sidentiels jusqu&rsquo;\u00e0 2&rsquo;000 m2<\/li>\n<\/ul>\n<p>\u00e9conomie: 36&rsquo;600 MWh\/15 ans<br \/>\natteinte des objectifs: 197%<\/p>\n<h3><strong>EffiWatt Canton du Valais 2014 &#8211; 2017 <\/strong><\/h3>\n<ul>\n<li>remplacement chauffe-eau \u00e9lectriques par chauffe-eau pompe \u00e0 chaleur<\/li>\n<li>remplacement pompes de circulation<\/li>\n<li>raccordement lave-linges\/lave-vaisselles \u00e0 l&rsquo;eau chaude<\/li>\n<li>optimisation de l&rsquo;\u00e9clairage dans les b\u00e2timents non-r\u00e9sidentiels jusqu&rsquo;\u00e0 2&rsquo;000 m2<\/li>\n<\/ul>\n<p>\u00e9conomie: 39&rsquo;000 MWh\/15 ans<br \/>\natteinte des objectifs: 142%<\/p>\n","protected":false},"excerpt":{"rendered":"<p>EffiWatt Canton de Lucerne 2014 &#8211; 2015 remplacement chauffe-eau \u00e9lectriques par chauffe-eau pompe \u00e0 chaleur remplacement pompes de circulation raccordement lave-linges\/lave-vaisselles \u00e0 l&rsquo;eau chaude remplacement de l&rsquo;\u00e9clairage dans les immeubles collectifs optimisation de l&rsquo;\u00e9clairage dans les b\u00e2timents non-r\u00e9sidentiels jusqu&rsquo;\u00e0 2&rsquo;000 m2 \u00e9conomie: 20&rsquo;000 MWh\/15 ans atteinte des objectifs: 111% EffiWatt Canton de Lucerne 2015 &#8211; [&hellip;]<\/p>\n","protected":false},"author":4,"featured_media":0,"parent":6726,"menu_order":0,"comment_status":"closed","ping_status":"closed","template":"","meta":{"_acf_changed":false,"footnotes":""},"class_list":["post-6734","page","type-page","status-publish","hentry"],"acf":[],"aioseo_notices":[],"aioseo_head":"\n\t\t<!-- All in One SEO 4.9.10 - aioseo.com -->\n\t<meta name=\"robots\" content=\"max-image-preview:large\" \/>\n\t<link rel=\"canonical\" href=\"https:\/\/effienergie.ch\/fr\/foerderprogramm\/effiwatt\/abgeschlossene-effiwatt-programme\/\" \/>\n\t<meta name=\"generator\" content=\"All in One SEO (AIOSEO) 4.9.10\" \/>\n\t\t<script type=\"application\/ld+json\" class=\"aioseo-schema\">\n\t\t\t{\"@context\":\"https:\\\/\\\/schema.org\",\"@graph\":[{\"@type\":\"BreadcrumbList\",\"@id\":\"https:\\\/\\\/effienergie.ch\\\/fr\\\/foerderprogramm\\\/effiwatt\\\/abgeschlossene-effiwatt-programme\\\/#breadcrumblist\",\"itemListElement\":[{\"@type\":\"ListItem\",\"@id\":\"https:\\\/\\\/effienergie.ch\\\/fr\\\/#listItem\",\"position\":1,\"name\":\"Home\",\"item\":\"https:\\\/\\\/effienergie.ch\\\/fr\\\/\",\"nextItem\":{\"@type\":\"ListItem\",\"@id\":\"https:\\\/\\\/effienergie.ch\\\/fr\\\/foerderprogramm\\\/#listItem\",\"name\":\"Programmes de subvention\"}},{\"@type\":\"ListItem\",\"@id\":\"https:\\\/\\\/effienergie.ch\\\/fr\\\/foerderprogramm\\\/#listItem\",\"position\":2,\"name\":\"Programmes de subvention\",\"item\":\"https:\\\/\\\/effienergie.ch\\\/fr\\\/foerderprogramm\\\/\",\"nextItem\":{\"@type\":\"ListItem\",\"@id\":\"https:\\\/\\\/effienergie.ch\\\/fr\\\/foerderprogramm\\\/effiwatt\\\/#listItem\",\"name\":\"Programme d&rsquo;efficacit\\u00e9 \\u00e9lectrique\"},\"previousItem\":{\"@type\":\"ListItem\",\"@id\":\"https:\\\/\\\/effienergie.ch\\\/fr\\\/#listItem\",\"name\":\"Home\"}},{\"@type\":\"ListItem\",\"@id\":\"https:\\\/\\\/effienergie.ch\\\/fr\\\/foerderprogramm\\\/effiwatt\\\/#listItem\",\"position\":3,\"name\":\"Programme d&rsquo;efficacit\\u00e9 \\u00e9lectrique\",\"item\":\"https:\\\/\\\/effienergie.ch\\\/fr\\\/foerderprogramm\\\/effiwatt\\\/\",\"nextItem\":{\"@type\":\"ListItem\",\"@id\":\"https:\\\/\\\/effienergie.ch\\\/fr\\\/foerderprogramm\\\/effiwatt\\\/abgeschlossene-effiwatt-programme\\\/#listItem\",\"name\":\"Programmes termin\\u00e9s\"},\"previousItem\":{\"@type\":\"ListItem\",\"@id\":\"https:\\\/\\\/effienergie.ch\\\/fr\\\/foerderprogramm\\\/#listItem\",\"name\":\"Programmes de subvention\"}},{\"@type\":\"ListItem\",\"@id\":\"https:\\\/\\\/effienergie.ch\\\/fr\\\/foerderprogramm\\\/effiwatt\\\/abgeschlossene-effiwatt-programme\\\/#listItem\",\"position\":4,\"name\":\"Programmes termin\\u00e9s\",\"previousItem\":{\"@type\":\"ListItem\",\"@id\":\"https:\\\/\\\/effienergie.ch\\\/fr\\\/foerderprogramm\\\/effiwatt\\\/#listItem\",\"name\":\"Programme d&rsquo;efficacit\\u00e9 \\u00e9lectrique\"}}]},{\"@type\":\"Organization\",\"@id\":\"https:\\\/\\\/effienergie.ch\\\/fr\\\/#organization\",\"name\":\"effienergie\",\"description\":\"Geb\\u00e4ude Energie Effizienz\",\"url\":\"https:\\\/\\\/effienergie.ch\\\/fr\\\/\",\"logo\":{\"@type\":\"ImageObject\",\"url\":\"https:\\\/\\\/effienergie.ch\\\/wp-content\\\/uploads\\\/2019\\\/01\\\/effienergie_logo.svg\",\"@id\":\"https:\\\/\\\/effienergie.ch\\\/fr\\\/foerderprogramm\\\/effiwatt\\\/abgeschlossene-effiwatt-programme\\\/#organizationLogo\"},\"image\":{\"@id\":\"https:\\\/\\\/effienergie.ch\\\/fr\\\/foerderprogramm\\\/effiwatt\\\/abgeschlossene-effiwatt-programme\\\/#organizationLogo\"}},{\"@type\":\"WebPage\",\"@id\":\"https:\\\/\\\/effienergie.ch\\\/fr\\\/foerderprogramm\\\/effiwatt\\\/abgeschlossene-effiwatt-programme\\\/#webpage\",\"url\":\"https:\\\/\\\/effienergie.ch\\\/fr\\\/foerderprogramm\\\/effiwatt\\\/abgeschlossene-effiwatt-programme\\\/\",\"name\":\"Programmes termin\\u00e9s | effienergie\",\"inLanguage\":\"fr-FR\",\"isPartOf\":{\"@id\":\"https:\\\/\\\/effienergie.ch\\\/fr\\\/#website\"},\"breadcrumb\":{\"@id\":\"https:\\\/\\\/effienergie.ch\\\/fr\\\/foerderprogramm\\\/effiwatt\\\/abgeschlossene-effiwatt-programme\\\/#breadcrumblist\"},\"datePublished\":\"2019-03-11T14:57:40+01:00\",\"dateModified\":\"2019-04-24T15:39:05+02:00\"},{\"@type\":\"WebSite\",\"@id\":\"https:\\\/\\\/effienergie.ch\\\/fr\\\/#website\",\"url\":\"https:\\\/\\\/effienergie.ch\\\/fr\\\/\",\"name\":\"effienergie\",\"description\":\"Geb\\u00e4ude Energie Effizienz\",\"inLanguage\":\"fr-FR\",\"publisher\":{\"@id\":\"https:\\\/\\\/effienergie.ch\\\/fr\\\/#organization\"}}]}\n\t\t<\/script>\n\t\t<!-- All in One SEO -->\n\n","aioseo_head_json":{"title":"Programmes termin\u00e9s | effienergie","description":"","canonical_url":"https:\/\/effienergie.ch\/fr\/foerderprogramm\/effiwatt\/abgeschlossene-effiwatt-programme\/","robots":"max-image-preview:large","keywords":"","webmasterTools":{"miscellaneous":""},"schema":{"@context":"https:\/\/schema.org","@graph":[{"@type":"BreadcrumbList","@id":"https:\/\/effienergie.ch\/fr\/foerderprogramm\/effiwatt\/abgeschlossene-effiwatt-programme\/#breadcrumblist","itemListElement":[{"@type":"ListItem","@id":"https:\/\/effienergie.ch\/fr\/#listItem","position":1,"name":"Home","item":"https:\/\/effienergie.ch\/fr\/","nextItem":{"@type":"ListItem","@id":"https:\/\/effienergie.ch\/fr\/foerderprogramm\/#listItem","name":"Programmes de subvention"}},{"@type":"ListItem","@id":"https:\/\/effienergie.ch\/fr\/foerderprogramm\/#listItem","position":2,"name":"Programmes de subvention","item":"https:\/\/effienergie.ch\/fr\/foerderprogramm\/","nextItem":{"@type":"ListItem","@id":"https:\/\/effienergie.ch\/fr\/foerderprogramm\/effiwatt\/#listItem","name":"Programme d&rsquo;efficacit\u00e9 \u00e9lectrique"},"previousItem":{"@type":"ListItem","@id":"https:\/\/effienergie.ch\/fr\/#listItem","name":"Home"}},{"@type":"ListItem","@id":"https:\/\/effienergie.ch\/fr\/foerderprogramm\/effiwatt\/#listItem","position":3,"name":"Programme d&rsquo;efficacit\u00e9 \u00e9lectrique","item":"https:\/\/effienergie.ch\/fr\/foerderprogramm\/effiwatt\/","nextItem":{"@type":"ListItem","@id":"https:\/\/effienergie.ch\/fr\/foerderprogramm\/effiwatt\/abgeschlossene-effiwatt-programme\/#listItem","name":"Programmes termin\u00e9s"},"previousItem":{"@type":"ListItem","@id":"https:\/\/effienergie.ch\/fr\/foerderprogramm\/#listItem","name":"Programmes de subvention"}},{"@type":"ListItem","@id":"https:\/\/effienergie.ch\/fr\/foerderprogramm\/effiwatt\/abgeschlossene-effiwatt-programme\/#listItem","position":4,"name":"Programmes termin\u00e9s","previousItem":{"@type":"ListItem","@id":"https:\/\/effienergie.ch\/fr\/foerderprogramm\/effiwatt\/#listItem","name":"Programme d&rsquo;efficacit\u00e9 \u00e9lectrique"}}]},{"@type":"Organization","@id":"https:\/\/effienergie.ch\/fr\/#organization","name":"effienergie","description":"Geb\u00e4ude Energie Effizienz","url":"https:\/\/effienergie.ch\/fr\/","logo":{"@type":"ImageObject","url":"https:\/\/effienergie.ch\/wp-content\/uploads\/2019\/01\/effienergie_logo.svg","@id":"https:\/\/effienergie.ch\/fr\/foerderprogramm\/effiwatt\/abgeschlossene-effiwatt-programme\/#organizationLogo"},"image":{"@id":"https:\/\/effienergie.ch\/fr\/foerderprogramm\/effiwatt\/abgeschlossene-effiwatt-programme\/#organizationLogo"}},{"@type":"WebPage","@id":"https:\/\/effienergie.ch\/fr\/foerderprogramm\/effiwatt\/abgeschlossene-effiwatt-programme\/#webpage","url":"https:\/\/effienergie.ch\/fr\/foerderprogramm\/effiwatt\/abgeschlossene-effiwatt-programme\/","name":"Programmes termin\u00e9s | effienergie","inLanguage":"fr-FR","isPartOf":{"@id":"https:\/\/effienergie.ch\/fr\/#website"},"breadcrumb":{"@id":"https:\/\/effienergie.ch\/fr\/foerderprogramm\/effiwatt\/abgeschlossene-effiwatt-programme\/#breadcrumblist"},"datePublished":"2019-03-11T14:57:40+01:00","dateModified":"2019-04-24T15:39:05+02:00"},{"@type":"WebSite","@id":"https:\/\/effienergie.ch\/fr\/#website","url":"https:\/\/effienergie.ch\/fr\/","name":"effienergie","description":"Geb\u00e4ude Energie Effizienz","inLanguage":"fr-FR","publisher":{"@id":"https:\/\/effienergie.ch\/fr\/#organization"}}]}},"aioseo_meta_data":{"post_id":"6734","title":null,"description":null,"keywords":null,"keyphrases":null,"primary_term":null,"canonical_url":null,"og_title":null,"og_description":null,"og_object_type":"default","og_image_type":"default","og_image_url":null,"og_image_width":null,"og_image_height":null,"og_image_custom_url":null,"og_image_custom_fields":null,"og_video":null,"og_custom_url":null,"og_article_section":null,"og_article_tags":null,"twitter_use_og":false,"twitter_card":"default","twitter_image_type":"default","twitter_image_url":null,"twitter_image_custom_url":null,"twitter_image_custom_fields":null,"twitter_title":null,"twitter_description":null,"schema":{"blockGraphs":[],"customGraphs":[],"default":{"data":{"Article":[],"Course":[],"Dataset":[],"FAQPage":[],"Movie":[],"Person":[],"Product":[],"ProductReview":[],"Car":[],"Recipe":[],"Service":[],"SoftwareApplication":[],"WebPage":[]},"graphName":"WebPage","isEnabled":true},"graphs":[]},"schema_type":null,"schema_type_options":null,"pillar_content":false,"robots_default":true,"robots_noindex":false,"robots_noarchive":false,"robots_nosnippet":false,"robots_nofollow":false,"robots_noimageindex":false,"robots_noodp":false,"robots_notranslate":false,"robots_max_snippet":null,"robots_max_videopreview":null,"robots_max_imagepreview":"large","priority":null,"frequency":null,"local_seo":null,"breadcrumb_settings":null,"limit_modified_date":false,"ai":null,"created":"2021-06-24 14:45:26","updated":"2025-06-25 13:59:39","seo_analyzer_scan_date":null},"aioseo_breadcrumb":"<div class=\"aioseo-breadcrumbs\"><span class=\"aioseo-breadcrumb\">\n\t\t\t<a href=\"https:\/\/effienergie.ch\/fr\/\" title=\"Home\">Home<\/a>\n\t\t<\/span><span class=\"aioseo-breadcrumb-separator\">&raquo;<\/span><span class=\"aioseo-breadcrumb\">\n\t\t\t<a href=\"https:\/\/effienergie.ch\/fr\/foerderprogramm\/\" title=\"Programmes de subvention\">Programmes de subvention<\/a>\n\t\t<\/span><span class=\"aioseo-breadcrumb-separator\">&raquo;<\/span><span class=\"aioseo-breadcrumb\">\n\t\t\t<a href=\"https:\/\/effienergie.ch\/fr\/foerderprogramm\/effiwatt\/\" title=\"Programme d\u2019efficacit\u00e9 \u00e9lectrique\">Programme d\u2019efficacit\u00e9 \u00e9lectrique<\/a>\n\t\t<\/span><span class=\"aioseo-breadcrumb-separator\">&raquo;<\/span><span class=\"aioseo-breadcrumb\">\n\t\t\tProgrammes termin\u00e9s\n\t\t<\/span><\/div>","aioseo_breadcrumb_json":[{"label":"Home","link":"https:\/\/effienergie.ch\/fr\/"},{"label":"Programmes de subvention","link":"https:\/\/effienergie.ch\/fr\/foerderprogramm\/"},{"label":"Programme d&rsquo;efficacit\u00e9 \u00e9lectrique","link":"https:\/\/effienergie.ch\/fr\/foerderprogramm\/effiwatt\/"},{"label":"Programmes termin\u00e9s","link":"https:\/\/effienergie.ch\/fr\/foerderprogramm\/effiwatt\/abgeschlossene-effiwatt-programme\/"}],"_links":{"self":[{"href":"https:\/\/effienergie.ch\/fr\/wp-json\/wp\/v2\/pages\/6734","targetHints":{"allow":["GET"]}}],"collection":[{"href":"https:\/\/effienergie.ch\/fr\/wp-json\/wp\/v2\/pages"}],"about":[{"href":"https:\/\/effienergie.ch\/fr\/wp-json\/wp\/v2\/types\/page"}],"author":[{"embeddable":true,"href":"https:\/\/effienergie.ch\/fr\/wp-json\/wp\/v2\/users\/4"}],"replies":[{"embeddable":true,"href":"https:\/\/effienergie.ch\/fr\/wp-json\/wp\/v2\/comments?post=6734"}],"version-history":[{"count":20,"href":"https:\/\/effienergie.ch\/fr\/wp-json\/wp\/v2\/pages\/6734\/revisions"}],"predecessor-version":[{"id":7107,"href":"https:\/\/effienergie.ch\/fr\/wp-json\/wp\/v2\/pages\/6734\/revisions\/7107"}],"up":[{"embeddable":true,"href":"https:\/\/effienergie.ch\/fr\/wp-json\/wp\/v2\/pages\/6726"}],"wp:attachment":[{"href":"https:\/\/effienergie.ch\/fr\/wp-json\/wp\/v2\/media?parent=6734"}],"curies":[{"name":"wp","href":"https:\/\/api.w.org\/{rel}","templated":true}]}}