{"id":6773,"date":"2019-01-31T15:18:06","date_gmt":"2019-01-31T14:18:06","guid":{"rendered":"https:\/\/effienergie.ch\/energieberatung\/geak\/"},"modified":"2025-03-18T11:22:36","modified_gmt":"2025-03-18T10:22:36","slug":"geak","status":"publish","type":"page","link":"https:\/\/effienergie.ch\/fr\/energieberatung\/geak\/","title":{"rendered":"CECB<sup>\u00ae<\/sup>"},"content":{"rendered":"<p><span class=\"tlid-translation translation\" lang=\"fr\"><span title=\"\">Le certificat \u00e9nerg\u00e9tique cantonal des b\u00e2timents<\/span><\/span> <strong>CECB<sup>\u00ae<\/sup>\u00a0<\/strong><span class=\"tlid-translation translation\" lang=\"fr\"><span title=\"\">donne aux propri\u00e9taires un aper\u00e7u du statut \u00e9nerg\u00e9tique de leur propri\u00e9t\u00e9.<\/span> <span title=\"\">Au moyen d\u2019une analyse compl\u00e8te, la demande \u00e9nerg\u00e9tique d\u2019un b\u00e2timent est d\u00e9termin\u00e9e puis class\u00e9e selon une \u00e9tiquette \u00e9nerg\u00e9tique en classes de A \u00e0 G.<\/span><\/span><\/p>\n<p>Le <strong>CECB<sup>\u00ae<\/sup> Plus<\/strong> <span class=\"tlid-translation translation\" lang=\"fr\"><span class=\"\" title=\"\">va encore plus loin et indique \u00e9galement les mesures de r\u00e9novation appropri\u00e9es et adapt\u00e9es au b\u00e2timent.<\/span><\/span><\/p>\n<p><span class=\"tlid-translation translation\" lang=\"fr\"><span class=\"\" title=\"\">Les experts CECB d\u2019Effienergie AG vous apportent des conseils techniques neutres et vous aident \u00e0 trouver un guide solide pour la planification et la mise en \u0153uvre du renouvellement durable de votre b\u00e2timent.<\/span><\/span><\/p>\n<p><a href=\"https:\/\/effienergie.ch\/fr\/kontakt\/\">Contactez-nous<\/a><\/p>\n<p>&nbsp;<\/p>\n<table style=\"height: 356px;\" width=\"832\">\n<tbody>\n<tr>\n<td><img loading=\"lazy\" decoding=\"async\" class=\"alignnone wp-image-28714 size-medium\" src=\"https:\/\/effienergie.ch\/wp-content\/uploads\/2019\/02\/DSC08799-2-scaled-e1668085265612-192x300.jpeg\" alt=\"\" width=\"192\" height=\"300\" srcset=\"https:\/\/effienergie.ch\/wp-content\/uploads\/2019\/02\/DSC08799-2-scaled-e1668085265612-192x300.jpeg 192w, https:\/\/effienergie.ch\/wp-content\/uploads\/2019\/02\/DSC08799-2-scaled-e1668085265612-656x1024.jpeg 656w, https:\/\/effienergie.ch\/wp-content\/uploads\/2019\/02\/DSC08799-2-scaled-e1668085265612-768x1199.jpeg 768w, https:\/\/effienergie.ch\/wp-content\/uploads\/2019\/02\/DSC08799-2-scaled-e1668085265612-984x1536.jpeg 984w, https:\/\/effienergie.ch\/wp-content\/uploads\/2019\/02\/DSC08799-2-scaled-e1668085265612-27x42.jpeg 27w\" sizes=\"auto, (max-width: 192px) 100vw, 192px\" \/><br \/>\nFrancois Molinari<br \/>\n058 680 40 55<\/td>\n<td><img loading=\"lazy\" decoding=\"async\" class=\"alignnone  wp-image-4990\" src=\"https:\/\/effienergie.ch\/wp-content\/uploads\/2019\/02\/EffiE_Portraits1_41-200x300.jpg\" alt=\"\" width=\"200\" height=\"300\" srcset=\"https:\/\/effienergie.ch\/wp-content\/uploads\/2019\/02\/EffiE_Portraits1_41-200x300.jpg 200w, https:\/\/effienergie.ch\/wp-content\/uploads\/2019\/02\/EffiE_Portraits1_41-768x1151.jpg 768w, https:\/\/effienergie.ch\/wp-content\/uploads\/2019\/02\/EffiE_Portraits1_41-683x1024.jpg 683w, https:\/\/effienergie.ch\/wp-content\/uploads\/2019\/02\/EffiE_Portraits1_41-28x42.jpg 28w, https:\/\/effienergie.ch\/wp-content\/uploads\/2019\/02\/EffiE_Portraits1_41-scaled.jpg 1709w\" sizes=\"auto, (max-width: 200px) 100vw, 200px\" \/><br \/>\nJean-Yves Berdat<br \/>\n058 680 40 79<\/td>\n<td><img loading=\"lazy\" decoding=\"async\" class=\"alignnone wp-image-4958\" src=\"https:\/\/effienergie.ch\/wp-content\/uploads\/2019\/02\/EffiE_Portraits1_04-200x300.jpg\" alt=\"\" width=\"205\" height=\"308\" srcset=\"https:\/\/effienergie.ch\/wp-content\/uploads\/2019\/02\/EffiE_Portraits1_04-200x300.jpg 200w, https:\/\/effienergie.ch\/wp-content\/uploads\/2019\/02\/EffiE_Portraits1_04-768x1151.jpg 768w, https:\/\/effienergie.ch\/wp-content\/uploads\/2019\/02\/EffiE_Portraits1_04-683x1024.jpg 683w, https:\/\/effienergie.ch\/wp-content\/uploads\/2019\/02\/EffiE_Portraits1_04-28x42.jpg 28w, https:\/\/effienergie.ch\/wp-content\/uploads\/2019\/02\/EffiE_Portraits1_04-scaled.jpg 1709w\" sizes=\"auto, (max-width: 205px) 100vw, 205px\" \/><br \/>\nStefan Haas<br \/>\n058 680 40 51<\/td>\n<\/tr>\n<\/tbody>\n<\/table>\n","protected":false},"excerpt":{"rendered":"<p>Le certificat \u00e9nerg\u00e9tique cantonal des b\u00e2timents CECB\u00ae\u00a0donne aux propri\u00e9taires un aper\u00e7u du statut \u00e9nerg\u00e9tique de leur propri\u00e9t\u00e9. Au moyen d\u2019une analyse compl\u00e8te, la demande \u00e9nerg\u00e9tique d\u2019un b\u00e2timent est d\u00e9termin\u00e9e puis class\u00e9e selon une \u00e9tiquette \u00e9nerg\u00e9tique en classes de A \u00e0 G. Le CECB\u00ae Plus va encore plus loin et indique \u00e9galement les mesures de r\u00e9novation [&hellip;]<\/p>\n","protected":false},"author":4,"featured_media":0,"parent":6754,"menu_order":1,"comment_status":"closed","ping_status":"closed","template":"","meta":{"_acf_changed":false,"footnotes":""},"class_list":["post-6773","page","type-page","status-publish","hentry"],"acf":[],"aioseo_notices":[],"aioseo_head":"\n\t\t<!-- All in One SEO 4.9.10 - aioseo.com -->\n\t<meta name=\"robots\" content=\"max-image-preview:large\" \/>\n\t<link rel=\"canonical\" href=\"https:\/\/effienergie.ch\/fr\/energieberatung\/geak\/\" \/>\n\t<meta name=\"generator\" content=\"All in One SEO (AIOSEO) 4.9.10\" \/>\n\t\t<script type=\"application\/ld+json\" class=\"aioseo-schema\">\n\t\t\t{\"@context\":\"https:\\\/\\\/schema.org\",\"@graph\":[{\"@type\":\"BreadcrumbList\",\"@id\":\"https:\\\/\\\/effienergie.ch\\\/fr\\\/energieberatung\\\/geak\\\/#breadcrumblist\",\"itemListElement\":[{\"@type\":\"ListItem\",\"@id\":\"https:\\\/\\\/effienergie.ch\\\/fr\\\/#listItem\",\"position\":1,\"name\":\"Home\",\"item\":\"https:\\\/\\\/effienergie.ch\\\/fr\\\/\",\"nextItem\":{\"@type\":\"ListItem\",\"@id\":\"https:\\\/\\\/effienergie.ch\\\/fr\\\/energieberatung\\\/#listItem\",\"name\":\"Conseil en \\u00e9nergie\"}},{\"@type\":\"ListItem\",\"@id\":\"https:\\\/\\\/effienergie.ch\\\/fr\\\/energieberatung\\\/#listItem\",\"position\":2,\"name\":\"Conseil en \\u00e9nergie\",\"item\":\"https:\\\/\\\/effienergie.ch\\\/fr\\\/energieberatung\\\/\",\"nextItem\":{\"@type\":\"ListItem\",\"@id\":\"https:\\\/\\\/effienergie.ch\\\/fr\\\/energieberatung\\\/geak\\\/#listItem\",\"name\":\"CECB\\u00ae\"},\"previousItem\":{\"@type\":\"ListItem\",\"@id\":\"https:\\\/\\\/effienergie.ch\\\/fr\\\/#listItem\",\"name\":\"Home\"}},{\"@type\":\"ListItem\",\"@id\":\"https:\\\/\\\/effienergie.ch\\\/fr\\\/energieberatung\\\/geak\\\/#listItem\",\"position\":3,\"name\":\"CECB\\u00ae\",\"previousItem\":{\"@type\":\"ListItem\",\"@id\":\"https:\\\/\\\/effienergie.ch\\\/fr\\\/energieberatung\\\/#listItem\",\"name\":\"Conseil en \\u00e9nergie\"}}]},{\"@type\":\"Organization\",\"@id\":\"https:\\\/\\\/effienergie.ch\\\/fr\\\/#organization\",\"name\":\"effienergie\",\"description\":\"Geb\\u00e4ude Energie Effizienz\",\"url\":\"https:\\\/\\\/effienergie.ch\\\/fr\\\/\",\"logo\":{\"@type\":\"ImageObject\",\"url\":\"https:\\\/\\\/effienergie.ch\\\/wp-content\\\/uploads\\\/2019\\\/01\\\/effienergie_logo.svg\",\"@id\":\"https:\\\/\\\/effienergie.ch\\\/fr\\\/energieberatung\\\/geak\\\/#organizationLogo\"},\"image\":{\"@id\":\"https:\\\/\\\/effienergie.ch\\\/fr\\\/energieberatung\\\/geak\\\/#organizationLogo\"}},{\"@type\":\"WebPage\",\"@id\":\"https:\\\/\\\/effienergie.ch\\\/fr\\\/energieberatung\\\/geak\\\/#webpage\",\"url\":\"https:\\\/\\\/effienergie.ch\\\/fr\\\/energieberatung\\\/geak\\\/\",\"name\":\"CECB\\u00ae | effienergie\",\"inLanguage\":\"fr-FR\",\"isPartOf\":{\"@id\":\"https:\\\/\\\/effienergie.ch\\\/fr\\\/#website\"},\"breadcrumb\":{\"@id\":\"https:\\\/\\\/effienergie.ch\\\/fr\\\/energieberatung\\\/geak\\\/#breadcrumblist\"},\"datePublished\":\"2019-01-31T15:18:06+01:00\",\"dateModified\":\"2025-03-18T11:22:36+01:00\"},{\"@type\":\"WebSite\",\"@id\":\"https:\\\/\\\/effienergie.ch\\\/fr\\\/#website\",\"url\":\"https:\\\/\\\/effienergie.ch\\\/fr\\\/\",\"name\":\"effienergie\",\"description\":\"Geb\\u00e4ude Energie Effizienz\",\"inLanguage\":\"fr-FR\",\"publisher\":{\"@id\":\"https:\\\/\\\/effienergie.ch\\\/fr\\\/#organization\"}}]}\n\t\t<\/script>\n\t\t<!-- All in One SEO -->\n\n","aioseo_head_json":{"title":"CECB\u00ae | effienergie","description":"","canonical_url":"https:\/\/effienergie.ch\/fr\/energieberatung\/geak\/","robots":"max-image-preview:large","keywords":"","webmasterTools":{"miscellaneous":""},"schema":{"@context":"https:\/\/schema.org","@graph":[{"@type":"BreadcrumbList","@id":"https:\/\/effienergie.ch\/fr\/energieberatung\/geak\/#breadcrumblist","itemListElement":[{"@type":"ListItem","@id":"https:\/\/effienergie.ch\/fr\/#listItem","position":1,"name":"Home","item":"https:\/\/effienergie.ch\/fr\/","nextItem":{"@type":"ListItem","@id":"https:\/\/effienergie.ch\/fr\/energieberatung\/#listItem","name":"Conseil en \u00e9nergie"}},{"@type":"ListItem","@id":"https:\/\/effienergie.ch\/fr\/energieberatung\/#listItem","position":2,"name":"Conseil en \u00e9nergie","item":"https:\/\/effienergie.ch\/fr\/energieberatung\/","nextItem":{"@type":"ListItem","@id":"https:\/\/effienergie.ch\/fr\/energieberatung\/geak\/#listItem","name":"CECB\u00ae"},"previousItem":{"@type":"ListItem","@id":"https:\/\/effienergie.ch\/fr\/#listItem","name":"Home"}},{"@type":"ListItem","@id":"https:\/\/effienergie.ch\/fr\/energieberatung\/geak\/#listItem","position":3,"name":"CECB\u00ae","previousItem":{"@type":"ListItem","@id":"https:\/\/effienergie.ch\/fr\/energieberatung\/#listItem","name":"Conseil en \u00e9nergie"}}]},{"@type":"Organization","@id":"https:\/\/effienergie.ch\/fr\/#organization","name":"effienergie","description":"Geb\u00e4ude Energie Effizienz","url":"https:\/\/effienergie.ch\/fr\/","logo":{"@type":"ImageObject","url":"https:\/\/effienergie.ch\/wp-content\/uploads\/2019\/01\/effienergie_logo.svg","@id":"https:\/\/effienergie.ch\/fr\/energieberatung\/geak\/#organizationLogo"},"image":{"@id":"https:\/\/effienergie.ch\/fr\/energieberatung\/geak\/#organizationLogo"}},{"@type":"WebPage","@id":"https:\/\/effienergie.ch\/fr\/energieberatung\/geak\/#webpage","url":"https:\/\/effienergie.ch\/fr\/energieberatung\/geak\/","name":"CECB\u00ae | effienergie","inLanguage":"fr-FR","isPartOf":{"@id":"https:\/\/effienergie.ch\/fr\/#website"},"breadcrumb":{"@id":"https:\/\/effienergie.ch\/fr\/energieberatung\/geak\/#breadcrumblist"},"datePublished":"2019-01-31T15:18:06+01:00","dateModified":"2025-03-18T11:22:36+01:00"},{"@type":"WebSite","@id":"https:\/\/effienergie.ch\/fr\/#website","url":"https:\/\/effienergie.ch\/fr\/","name":"effienergie","description":"Geb\u00e4ude Energie Effizienz","inLanguage":"fr-FR","publisher":{"@id":"https:\/\/effienergie.ch\/fr\/#organization"}}]}},"aioseo_meta_data":{"post_id":"6773","title":null,"description":null,"keywords":null,"keyphrases":{"focus":{"keyphrase":"","score":0,"analysis":{"keyphraseInTitle":{"score":0,"maxScore":9,"error":1}}},"additional":[]},"primary_term":null,"canonical_url":null,"og_title":null,"og_description":null,"og_object_type":"default","og_image_type":"default","og_image_url":null,"og_image_width":null,"og_image_height":null,"og_image_custom_url":null,"og_image_custom_fields":null,"og_video":"","og_custom_url":null,"og_article_section":null,"og_article_tags":null,"twitter_use_og":false,"twitter_card":"default","twitter_image_type":"default","twitter_image_url":null,"twitter_image_custom_url":null,"twitter_image_custom_fields":null,"twitter_title":null,"twitter_description":null,"schema":{"blockGraphs":[],"customGraphs":[],"default":{"data":{"Article":[],"Course":[],"Dataset":[],"FAQPage":[],"Movie":[],"Person":[],"Product":[],"ProductReview":[],"Car":[],"Recipe":[],"Service":[],"SoftwareApplication":[],"WebPage":[]},"graphName":"WebPage","isEnabled":true},"graphs":[]},"schema_type":null,"schema_type_options":null,"pillar_content":false,"robots_default":true,"robots_noindex":false,"robots_noarchive":false,"robots_nosnippet":false,"robots_nofollow":false,"robots_noimageindex":false,"robots_noodp":false,"robots_notranslate":false,"robots_max_snippet":"-1","robots_max_videopreview":"-1","robots_max_imagepreview":"large","priority":null,"frequency":"default","local_seo":null,"breadcrumb_settings":null,"limit_modified_date":false,"ai":null,"created":"2021-06-24 14:45:26","updated":"2025-06-25 13:58:24","seo_analyzer_scan_date":null},"aioseo_breadcrumb":"<div class=\"aioseo-breadcrumbs\"><span class=\"aioseo-breadcrumb\">\n\t\t\t<a href=\"https:\/\/effienergie.ch\/fr\/\" title=\"Home\">Home<\/a>\n\t\t<\/span><span class=\"aioseo-breadcrumb-separator\">&raquo;<\/span><span class=\"aioseo-breadcrumb\">\n\t\t\t<a href=\"https:\/\/effienergie.ch\/fr\/energieberatung\/\" title=\"Conseil en \u00e9nergie\">Conseil en \u00e9nergie<\/a>\n\t\t<\/span><span class=\"aioseo-breadcrumb-separator\">&raquo;<\/span><span class=\"aioseo-breadcrumb\">\n\t\t\tCECB<sup>\u00ae<\/sup>\n\t\t<\/span><\/div>","aioseo_breadcrumb_json":[{"label":"Home","link":"https:\/\/effienergie.ch\/fr\/"},{"label":"Conseil en \u00e9nergie","link":"https:\/\/effienergie.ch\/fr\/energieberatung\/"},{"label":"CECB<sup>\u00ae<\/sup>","link":"https:\/\/effienergie.ch\/fr\/energieberatung\/geak\/"}],"_links":{"self":[{"href":"https:\/\/effienergie.ch\/fr\/wp-json\/wp\/v2\/pages\/6773","targetHints":{"allow":["GET"]}}],"collection":[{"href":"https:\/\/effienergie.ch\/fr\/wp-json\/wp\/v2\/pages"}],"about":[{"href":"https:\/\/effienergie.ch\/fr\/wp-json\/wp\/v2\/types\/page"}],"author":[{"embeddable":true,"href":"https:\/\/effienergie.ch\/fr\/wp-json\/wp\/v2\/users\/4"}],"replies":[{"embeddable":true,"href":"https:\/\/effienergie.ch\/fr\/wp-json\/wp\/v2\/comments?post=6773"}],"version-history":[{"count":20,"href":"https:\/\/effienergie.ch\/fr\/wp-json\/wp\/v2\/pages\/6773\/revisions"}],"predecessor-version":[{"id":36974,"href":"https:\/\/effienergie.ch\/fr\/wp-json\/wp\/v2\/pages\/6773\/revisions\/36974"}],"up":[{"embeddable":true,"href":"https:\/\/effienergie.ch\/fr\/wp-json\/wp\/v2\/pages\/6754"}],"wp:attachment":[{"href":"https:\/\/effienergie.ch\/fr\/wp-json\/wp\/v2\/media?parent=6773"}],"curies":[{"name":"wp","href":"https:\/\/api.w.org\/{rel}","templated":true}]}}